{"id":1888,"date":"2021-08-24T13:19:23","date_gmt":"2021-08-24T11:19:23","guid":{"rendered":"https:\/\/acslfm.org\/?page_id=1888\/"},"modified":"2025-07-04T16:15:51","modified_gmt":"2025-07-04T14:15:51","slug":"information-generale","status":"publish","type":"page","link":"https:\/\/acslfm.org\/fr\/sobre-nosotros\/information-generale\/","title":{"rendered":"Information g\u00e9n\u00e9rale"},"content":{"rendered":"<p>[et_pb_section fb_built=\u00a0\u00bb1&Prime; admin_label=\u00a0\u00bbsection\u00a0\u00bb _builder_version=\u00a0\u00bb4.16&Prime; global_colors_info=\u00a0\u00bb{}\u00a0\u00bb][et_pb_row _builder_version=\u00a0\u00bb4.16&Prime; background_size=\u00a0\u00bbinitial\u00a0\u00bb background_position=\u00a0\u00bbtop_left\u00a0\u00bb background_repeat=\u00a0\u00bbrepeat\u00a0\u00bb custom_margin=\u00a0\u00bb0px|||\u00a0\u00bb custom_margin_tablet=\u00a0\u00bb\u00a0\u00bb custom_margin_phone=\u00a0\u00bb\u00a0\u00bb custom_margin_last_edited=\u00a0\u00bbon|phone\u00a0\u00bb make_fullwidth=\u00a0\u00bboff\u00a0\u00bb use_custom_width=\u00a0\u00bboff\u00a0\u00bb width_unit=\u00a0\u00bbon\u00a0\u00bb global_colors_info=\u00a0\u00bb{}\u00a0\u00bb][et_pb_column type=\u00a0\u00bb4_4&Prime; _builder_version=\u00a0\u00bb4.16&Prime; custom_padding=\u00a0\u00bb|||\u00a0\u00bb global_colors_info=\u00a0\u00bb{}\u00a0\u00bb custom_padding__hover=\u00a0\u00bb|||\u00a0\u00bb][et_pb_text _builder_version=\u00a0\u00bb4.27.4&Prime; background_size=\u00a0\u00bbinitial\u00a0\u00bb background_position=\u00a0\u00bbtop_left\u00a0\u00bb background_repeat=\u00a0\u00bbrepeat\u00a0\u00bb hover_enabled=\u00a0\u00bb0&Prime; z_index_tablet=\u00a0\u00bb500&Prime; text_text_shadow_horizontal_length_tablet=\u00a0\u00bb0px\u00a0\u00bb text_text_shadow_vertical_length_tablet=\u00a0\u00bb0px\u00a0\u00bb text_text_shadow_blur_strength_tablet=\u00a0\u00bb1px\u00a0\u00bb link_text_shadow_horizontal_length_tablet=\u00a0\u00bb0px\u00a0\u00bb link_text_shadow_vertical_length_tablet=\u00a0\u00bb0px\u00a0\u00bb link_text_shadow_blur_strength_tablet=\u00a0\u00bb1px\u00a0\u00bb ul_text_shadow_horizontal_length_tablet=\u00a0\u00bb0px\u00a0\u00bb ul_text_shadow_vertical_length_tablet=\u00a0\u00bb0px\u00a0\u00bb ul_text_shadow_blur_strength_tablet=\u00a0\u00bb1px\u00a0\u00bb ol_text_shadow_horizontal_length_tablet=\u00a0\u00bb0px\u00a0\u00bb ol_text_shadow_vertical_length_tablet=\u00a0\u00bb0px\u00a0\u00bb ol_text_shadow_blur_strength_tablet=\u00a0\u00bb1px\u00a0\u00bb quote_text_shadow_horizontal_length_tablet=\u00a0\u00bb0px\u00a0\u00bb quote_text_shadow_vertical_length_tablet=\u00a0\u00bb0px\u00a0\u00bb quote_text_shadow_blur_strength_tablet=\u00a0\u00bb1px\u00a0\u00bb header_text_shadow_horizontal_length_tablet=\u00a0\u00bb0px\u00a0\u00bb header_text_shadow_vertical_length_tablet=\u00a0\u00bb0px\u00a0\u00bb header_text_shadow_blur_strength_tablet=\u00a0\u00bb1px\u00a0\u00bb header_2_text_shadow_horizontal_length_tablet=\u00a0\u00bb0px\u00a0\u00bb header_2_text_shadow_vertical_length_tablet=\u00a0\u00bb0px\u00a0\u00bb header_2_text_shadow_blur_strength_tablet=\u00a0\u00bb1px\u00a0\u00bb header_3_text_shadow_horizontal_length_tablet=\u00a0\u00bb0px\u00a0\u00bb header_3_text_shadow_vertical_length_tablet=\u00a0\u00bb0px\u00a0\u00bb header_3_text_shadow_blur_strength_tablet=\u00a0\u00bb1px\u00a0\u00bb header_4_text_shadow_horizontal_length_tablet=\u00a0\u00bb0px\u00a0\u00bb header_4_text_shadow_vertical_length_tablet=\u00a0\u00bb0px\u00a0\u00bb header_4_text_shadow_blur_strength_tablet=\u00a0\u00bb1px\u00a0\u00bb header_5_text_shadow_horizontal_length_tablet=\u00a0\u00bb0px\u00a0\u00bb header_5_text_shadow_vertical_length_tablet=\u00a0\u00bb0px\u00a0\u00bb header_5_text_shadow_blur_strength_tablet=\u00a0\u00bb1px\u00a0\u00bb header_6_text_shadow_horizontal_length_tablet=\u00a0\u00bb0px\u00a0\u00bb header_6_text_shadow_vertical_length_tablet=\u00a0\u00bb0px\u00a0\u00bb header_6_text_shadow_blur_strength_tablet=\u00a0\u00bb1px\u00a0\u00bb box_shadow_horizontal_tablet=\u00a0\u00bb0px\u00a0\u00bb box_shadow_vertical_tablet=\u00a0\u00bb0px\u00a0\u00bb box_shadow_blur_tablet=\u00a0\u00bb40px\u00a0\u00bb box_shadow_spread_tablet=\u00a0\u00bb0px\u00a0\u00bb saved_tabs=\u00a0\u00bball\u00a0\u00bb global_colors_info=\u00a0\u00bb{}\u00a0\u00bb sticky_enabled=\u00a0\u00bb0&Prime;]<\/p>\n<h1>Information g\u00e9n\u00e9rale<\/h1>\n<h2><span style=\"color: #3ca8eb;\">Information g\u00e9n\u00e9rale sur nos activit\u00e9s et sur l&rsquo;ACS.<br \/><\/span><\/h2>\n<h3>Une ann\u00e9e de plus, l&rsquo;ACS du Lyc\u00e9e Fran\u00e7ais de Madrid propose ses activit\u00e9s p\u00e9riscolaires pour l&rsquo;ann\u00e9e 2025 &#8211; 2026. Nous souhaitons vous donner quelques informations g\u00e9n\u00e9rales sur le fonctionnement des activit\u00e9s et de l&rsquo;ACS:<\/h3>\n<p>[\/et_pb_text][\/et_pb_column][\/et_pb_row][et_pb_row column_structure=\u00a0\u00bb3_4,1_4&Prime; _builder_version=\u00a0\u00bb4.16&Prime; background_size=\u00a0\u00bbinitial\u00a0\u00bb background_position=\u00a0\u00bbtop_left\u00a0\u00bb background_repeat=\u00a0\u00bbrepeat\u00a0\u00bb global_colors_info=\u00a0\u00bb{}\u00a0\u00bb][et_pb_column type=\u00a0\u00bb3_4&Prime; _builder_version=\u00a0\u00bb4.16&Prime; custom_padding=\u00a0\u00bb|||\u00a0\u00bb global_colors_info=\u00a0\u00bb{}\u00a0\u00bb custom_padding__hover=\u00a0\u00bb|||\u00a0\u00bb][et_pb_text _builder_version=\u00a0\u00bb4.27.4&Prime; hover_enabled=\u00a0\u00bb0&Prime; z_index_tablet=\u00a0\u00bb500&Prime; text_text_shadow_horizontal_length_tablet=\u00a0\u00bb0px\u00a0\u00bb text_text_shadow_vertical_length_tablet=\u00a0\u00bb0px\u00a0\u00bb text_text_shadow_blur_strength_tablet=\u00a0\u00bb1px\u00a0\u00bb link_text_shadow_horizontal_length_tablet=\u00a0\u00bb0px\u00a0\u00bb link_text_shadow_vertical_length_tablet=\u00a0\u00bb0px\u00a0\u00bb link_text_shadow_blur_strength_tablet=\u00a0\u00bb1px\u00a0\u00bb ul_text_shadow_horizontal_length_tablet=\u00a0\u00bb0px\u00a0\u00bb ul_text_shadow_vertical_length_tablet=\u00a0\u00bb0px\u00a0\u00bb ul_text_shadow_blur_strength_tablet=\u00a0\u00bb1px\u00a0\u00bb ol_text_shadow_horizontal_length_tablet=\u00a0\u00bb0px\u00a0\u00bb ol_text_shadow_vertical_length_tablet=\u00a0\u00bb0px\u00a0\u00bb ol_text_shadow_blur_strength_tablet=\u00a0\u00bb1px\u00a0\u00bb quote_text_shadow_horizontal_length_tablet=\u00a0\u00bb0px\u00a0\u00bb quote_text_shadow_vertical_length_tablet=\u00a0\u00bb0px\u00a0\u00bb quote_text_shadow_blur_strength_tablet=\u00a0\u00bb1px\u00a0\u00bb header_text_shadow_horizontal_length_tablet=\u00a0\u00bb0px\u00a0\u00bb header_text_shadow_vertical_length_tablet=\u00a0\u00bb0px\u00a0\u00bb header_text_shadow_blur_strength_tablet=\u00a0\u00bb1px\u00a0\u00bb header_2_text_shadow_horizontal_length_tablet=\u00a0\u00bb0px\u00a0\u00bb header_2_text_shadow_vertical_length_tablet=\u00a0\u00bb0px\u00a0\u00bb header_2_text_shadow_blur_strength_tablet=\u00a0\u00bb1px\u00a0\u00bb header_3_text_shadow_horizontal_length_tablet=\u00a0\u00bb0px\u00a0\u00bb header_3_text_shadow_vertical_length_tablet=\u00a0\u00bb0px\u00a0\u00bb header_3_text_shadow_blur_strength_tablet=\u00a0\u00bb1px\u00a0\u00bb header_4_text_shadow_horizontal_length_tablet=\u00a0\u00bb0px\u00a0\u00bb header_4_text_shadow_vertical_length_tablet=\u00a0\u00bb0px\u00a0\u00bb header_4_text_shadow_blur_strength_tablet=\u00a0\u00bb1px\u00a0\u00bb header_5_text_shadow_horizontal_length_tablet=\u00a0\u00bb0px\u00a0\u00bb header_5_text_shadow_vertical_length_tablet=\u00a0\u00bb0px\u00a0\u00bb header_5_text_shadow_blur_strength_tablet=\u00a0\u00bb1px\u00a0\u00bb header_6_text_shadow_horizontal_length_tablet=\u00a0\u00bb0px\u00a0\u00bb header_6_text_shadow_vertical_length_tablet=\u00a0\u00bb0px\u00a0\u00bb header_6_text_shadow_blur_strength_tablet=\u00a0\u00bb1px\u00a0\u00bb box_shadow_horizontal_tablet=\u00a0\u00bb0px\u00a0\u00bb box_shadow_vertical_tablet=\u00a0\u00bb0px\u00a0\u00bb box_shadow_blur_tablet=\u00a0\u00bb40px\u00a0\u00bb box_shadow_spread_tablet=\u00a0\u00bb0px\u00a0\u00bb global_colors_info=\u00a0\u00bb{}\u00a0\u00bb sticky_enabled=\u00a0\u00bb0&Prime;]<\/p>\n<p>Une ann\u00e9e de plus, l&rsquo;ACS du Lyc\u00e9e Fran\u00e7ais de Madrid, propose ses activit\u00e9s p\u00e9riscolaires pour l&rsquo;ann\u00e9e 2025 &#8211; 2026. Nous souhaitons vous donner quelques informations g\u00e9n\u00e9rales sur le fonctionnement des activit\u00e9s et de l&rsquo;ACS.<\/p>\n<p>&#8211; La gestion et l&rsquo;organisation de l&rsquo;ACS est ind\u00e9pendante du LFM, nous vous demandons donc pour toutes questions, demandes ou r\u00e9clamation de nous contacter directement par mail <a href=\"mailto:info@acslfm.org\"><strong>info@acslfm.org<\/strong><\/a> ou par t\u00e9l\u00e9phone au <strong><u>91 011 97 33<\/u><\/strong>, car l&rsquo;ACS n&rsquo;a pas acc\u00e8s au \u00ab\u00a0carnet de liaison\u00a0\u00bb du LFM,<\/p>\n<h4><strong><em><u>Activit\u00e9s<\/u><\/em><\/strong><\/h4>\n<p>&#8211; Si vos enfants doivent quitter l&rsquo;\u00e9tablissement, et ne pourront donc pas assister \u00e0 leurs activit\u00e9s, nous vous demandons de nous le notifier par mail, en plus du mot que vous \u00e9crirez au professeur sur le carnet de liaison.<\/p>\n<p>&#8211; Dans le cas ou une personne diff\u00e9rente \u00e0 l&rsquo;habituelle viendrait r\u00e9cup\u00e9rer ses enfants avant, pendant ou apr\u00e8s les activit\u00e9s, nous vous demandons de nous le communiquer par \u00e9crit en donnant le nom, la pi\u00e8ce d&rsquo;identit\u00e9 et l&rsquo;heure \u00e0 laquelle cette personne viendra les r\u00e9cup\u00e9rer. Pour des raisons de s\u00e9curit\u00e9, nous demanderons \u00e0 la personne de s&rsquo;identifier avec son document d&rsquo;identit\u00e9.<\/p>\n<p>&#8211; Les enfants seront toujours r\u00e9cup\u00e9r\u00e9s par la porte 0 situ\u00e9e dans la Calle Silvano aux horaires sp\u00e9cifi\u00e9s dans les plannings d&rsquo;activit\u00e9s. Si exceptionnellement vous avez besoin que vos enfants sortent par une autre porte, vous devrez le communiquer \u00e0 l&rsquo;ACS.<\/p>\n<p>&#8211; Si pour des raisons exceptionnelles vos enfants ne prendraient pas \u00e0 17h00 l&rsquo;autobus habituel, informez-nous pour ne pas les emmener \u00e0 leur bus et les faire sortir par la porte 0 comme les autres enfants.<\/p>\n<p>&#8211; En cas de circonstances familiales exceptionnelles (garde, h\u00e9bergement, divorce, cohabitation&#8230;), nous vous demandons de le communiquer directement \u00e0 l&rsquo;ACS car la LOPD (loi de protection des donn\u00e9es) emp\u00eache l&rsquo;\u00e9cole de nous communiquer cette information. D&rsquo;autre part, l&rsquo;ACS ne pourra informer aucune personne physique ou juridique de ces donn\u00e9es. En cas de garde partag\u00e9e d&rsquo;un mineur, nous demandons \u00e1 ce que le calendrier de r\u00e9gime des visites soit d\u00e9pos\u00e9 \u00e0 l&rsquo;ACS et sign\u00e9 par les deux parents avec toute l&rsquo;information qu&rsquo;ils estiment n\u00e9cessaire. Nous vous rappelons que toutes ces mesures permettent le bien \u00eatre et la s\u00e9curit\u00e9 de l&rsquo;enfant.<\/p>\n<p>&nbsp;<\/p>\n<h4><strong><em><u>Information g\u00e9n\u00e9rale sur les activit\u00e9s<br \/><\/u><\/em><\/strong><\/h4>\n<p>&#8211; Toutes les activit\u00e9s propos\u00e9es par l&rsquo;ACS durent toute l&rsquo;ann\u00e9e scolaire (Septembre \u00e0 Juin).<\/p>\n<p>&#8211; Les places pour toutes les activit\u00e9s sont limit\u00e9es. Nous vous demandons donc, dans la mesure du possible, de vous assurer de la motivation r\u00e9elle de vos enfants pour les activit\u00e9s choisies pour toute l&rsquo;ann\u00e9e.<\/p>\n<p>&#8211; Les installations et les salles utilis\u00e9es sont fournies par le LFM. Il se peut que de mani\u00e8re exceptionnelle certaines activit\u00e9s soient d\u00e9plac\u00e9es.<\/p>\n<p>&#8211; En cas de pluie ou autres causes m\u00e9t\u00e9orologiques, nous ne pouvons pas assurer la r\u00e9alisation des activit\u00e9s sportives en ext\u00e9rieure comme le rugby, le football ou le volley-ball, car les espaces couverts sont limit\u00e9s. Dans tous les cas, ces activit\u00e9s seront d\u00e9plac\u00e9es et vos enfants seront toujours sous la surveillance de leurs moniteurs.<\/p>\n<p>&#8211; Pendant l&rsquo;horaire d&rsquo;activit\u00e9, il y aura toujours du personnel de l&rsquo;ACS dans la cour de maternelle et de primaire, identifi\u00e9s par un gilet r\u00e9fl\u00e9chissant orange, et ils seront avec les moniteurs d&rsquo;activit\u00e9s, identifiables par le gilet r\u00e9fl\u00e9chissant jaune.<\/p>\n<p>Les sportifs externes au LFM qui souhaitent r\u00e9aliser une activit\u00e9 de l&rsquo;ACS devront nous contacter pour formaliser l&rsquo;inscription<\/p>\n<p>Nous esp\u00e9rons que cette information vous sera utile, et nous vous remercions pour votre confiance et votre collaboration.<\/p>\n<p>[\/et_pb_text][\/et_pb_column][et_pb_column type=\u00a0\u00bb1_4&Prime; _builder_version=\u00a0\u00bb4.16&Prime; custom_padding=\u00a0\u00bb|||\u00a0\u00bb global_colors_info=\u00a0\u00bb{}\u00a0\u00bb custom_padding__hover=\u00a0\u00bb|||\u00a0\u00bb][\/et_pb_column][\/et_pb_row][\/et_pb_section]<\/p>\n","protected":false},"excerpt":{"rendered":"<p>Information g\u00e9n\u00e9rale Information g\u00e9n\u00e9rale sur nos activit\u00e9s et sur l&rsquo;ACS. Une ann\u00e9e de plus, l&rsquo;ACS du Lyc\u00e9e Fran\u00e7ais de Madrid propose ses activit\u00e9s p\u00e9riscolaires pour l&rsquo;ann\u00e9e 2025 &#8211; 2026. Nous souhaitons vous donner quelques informations g\u00e9n\u00e9rales sur le fonctionnement des activit\u00e9s et de l&rsquo;ACS:Une ann\u00e9e de plus, l&rsquo;ACS du Lyc\u00e9e Fran\u00e7ais de Madrid, propose ses [&hellip;]<\/p>\n","protected":false},"author":1582,"featured_media":0,"parent":1711,"menu_order":0,"comment_status":"closed","ping_status":"closed","template":"","meta":{"_et_pb_use_builder":"on","_et_pb_old_content":"","_et_gb_content_width":"","footnotes":""},"class_list":["post-1888","page","type-page","status-publish","hentry"],"yoast_head":"<!-- This site is optimized with the Yoast SEO plugin v26.4 - https:\/\/yoast.com\/wordpress\/plugins\/seo\/ -->\n<title>Information g\u00e9n\u00e9rale - ACS Liceo<\/title>\n<meta name=\"description\" content=\"Information g\u00e9n\u00e9rale sur le fonctionnement de nos activit\u00e9s et de l&#039;ACS.\" \/>\n<meta name=\"robots\" content=\"index, follow, max-snippet:-1, max-image-preview:large, max-video-preview:-1\" \/>\n<link rel=\"canonical\" href=\"https:\/\/acslfm.org\/fr\/sobre-nosotros\/information-generale\/\" \/>\n<meta property=\"og:locale\" content=\"fr_FR\" \/>\n<meta property=\"og:type\" content=\"article\" \/>\n<meta property=\"og:title\" content=\"Information g\u00e9n\u00e9rale - ACS Liceo\" \/>\n<meta property=\"og:description\" content=\"Information g\u00e9n\u00e9rale sur le fonctionnement de nos activit\u00e9s et de l&#039;ACS.\" \/>\n<meta property=\"og:url\" content=\"https:\/\/acslfm.org\/fr\/sobre-nosotros\/information-generale\/\" \/>\n<meta property=\"og:site_name\" content=\"Asociaci\u00f3n Cultural y Deportiva del Liceo Franc\u00e9s de Madrid\" \/>\n<meta property=\"article:modified_time\" content=\"2025-07-04T14:15:51+00:00\" \/>\n<meta name=\"twitter:card\" content=\"summary_large_image\" \/>\n<meta name=\"twitter:label1\" content=\"Dur\u00e9e de lecture estim\u00e9e\" \/>\n\t<meta name=\"twitter:data1\" content=\"3 minutes\" \/>\n<script type=\"application\/ld+json\" class=\"yoast-schema-graph\">{\"@context\":\"https:\/\/schema.org\",\"@graph\":[{\"@type\":\"WebPage\",\"@id\":\"https:\/\/acslfm.org\/fr\/sobre-nosotros\/information-generale\/\",\"url\":\"https:\/\/acslfm.org\/fr\/sobre-nosotros\/information-generale\/\",\"name\":\"Information g\u00e9n\u00e9rale - ACS Liceo\",\"isPartOf\":{\"@id\":\"https:\/\/acslfm.org\/#website\"},\"datePublished\":\"2021-08-24T11:19:23+00:00\",\"dateModified\":\"2025-07-04T14:15:51+00:00\",\"description\":\"Information g\u00e9n\u00e9rale sur le fonctionnement de nos activit\u00e9s et de l'ACS.\",\"breadcrumb\":{\"@id\":\"https:\/\/acslfm.org\/fr\/sobre-nosotros\/information-generale\/#breadcrumb\"},\"inLanguage\":\"fr-FR\",\"potentialAction\":[{\"@type\":\"ReadAction\",\"target\":[\"https:\/\/acslfm.org\/fr\/sobre-nosotros\/information-generale\/\"]}]},{\"@type\":\"BreadcrumbList\",\"@id\":\"https:\/\/acslfm.org\/fr\/sobre-nosotros\/information-generale\/#breadcrumb\",\"itemListElement\":[{\"@type\":\"ListItem\",\"position\":1,\"name\":\"Portada\",\"item\":\"https:\/\/acslfm.org\/fr\/\"},{\"@type\":\"ListItem\",\"position\":2,\"name\":\"Qui sommes-nous?\",\"item\":\"https:\/\/acslfm.org\/fr\/sobre-nosotros\/\"},{\"@type\":\"ListItem\",\"position\":3,\"name\":\"Information g\u00e9n\u00e9rale\"}]},{\"@type\":\"WebSite\",\"@id\":\"https:\/\/acslfm.org\/#website\",\"url\":\"https:\/\/acslfm.org\/\",\"name\":\"Asociaci\u00f3n Cultural y Deportiva del Liceo Franc\u00e9s de Madrid\",\"description\":\"Actividades y servicios para padres de alumnos del Liceo Franc\u00e9s\",\"potentialAction\":[{\"@type\":\"SearchAction\",\"target\":{\"@type\":\"EntryPoint\",\"urlTemplate\":\"https:\/\/acslfm.org\/?s={search_term_string}\"},\"query-input\":{\"@type\":\"PropertyValueSpecification\",\"valueRequired\":true,\"valueName\":\"search_term_string\"}}],\"inLanguage\":\"fr-FR\"}]}<\/script>\n<!-- \/ Yoast SEO plugin. -->","yoast_head_json":{"title":"Information g\u00e9n\u00e9rale - ACS Liceo","description":"Information g\u00e9n\u00e9rale sur le fonctionnement de nos activit\u00e9s et de l'ACS.","robots":{"index":"index","follow":"follow","max-snippet":"max-snippet:-1","max-image-preview":"max-image-preview:large","max-video-preview":"max-video-preview:-1"},"canonical":"https:\/\/acslfm.org\/fr\/sobre-nosotros\/information-generale\/","og_locale":"fr_FR","og_type":"article","og_title":"Information g\u00e9n\u00e9rale - ACS Liceo","og_description":"Information g\u00e9n\u00e9rale sur le fonctionnement de nos activit\u00e9s et de l'ACS.","og_url":"https:\/\/acslfm.org\/fr\/sobre-nosotros\/information-generale\/","og_site_name":"Asociaci\u00f3n Cultural y Deportiva del Liceo Franc\u00e9s de Madrid","article_modified_time":"2025-07-04T14:15:51+00:00","twitter_card":"summary_large_image","twitter_misc":{"Dur\u00e9e de lecture estim\u00e9e":"3 minutes"},"schema":{"@context":"https:\/\/schema.org","@graph":[{"@type":"WebPage","@id":"https:\/\/acslfm.org\/fr\/sobre-nosotros\/information-generale\/","url":"https:\/\/acslfm.org\/fr\/sobre-nosotros\/information-generale\/","name":"Information g\u00e9n\u00e9rale - ACS Liceo","isPartOf":{"@id":"https:\/\/acslfm.org\/#website"},"datePublished":"2021-08-24T11:19:23+00:00","dateModified":"2025-07-04T14:15:51+00:00","description":"Information g\u00e9n\u00e9rale sur le fonctionnement de nos activit\u00e9s et de l'ACS.","breadcrumb":{"@id":"https:\/\/acslfm.org\/fr\/sobre-nosotros\/information-generale\/#breadcrumb"},"inLanguage":"fr-FR","potentialAction":[{"@type":"ReadAction","target":["https:\/\/acslfm.org\/fr\/sobre-nosotros\/information-generale\/"]}]},{"@type":"BreadcrumbList","@id":"https:\/\/acslfm.org\/fr\/sobre-nosotros\/information-generale\/#breadcrumb","itemListElement":[{"@type":"ListItem","position":1,"name":"Portada","item":"https:\/\/acslfm.org\/fr\/"},{"@type":"ListItem","position":2,"name":"Qui sommes-nous?","item":"https:\/\/acslfm.org\/fr\/sobre-nosotros\/"},{"@type":"ListItem","position":3,"name":"Information g\u00e9n\u00e9rale"}]},{"@type":"WebSite","@id":"https:\/\/acslfm.org\/#website","url":"https:\/\/acslfm.org\/","name":"Asociaci\u00f3n Cultural y Deportiva del Liceo Franc\u00e9s de Madrid","description":"Actividades y servicios para padres de alumnos del Liceo Franc\u00e9s","potentialAction":[{"@type":"SearchAction","target":{"@type":"EntryPoint","urlTemplate":"https:\/\/acslfm.org\/?s={search_term_string}"},"query-input":{"@type":"PropertyValueSpecification","valueRequired":true,"valueName":"search_term_string"}}],"inLanguage":"fr-FR"}]}},"_links":{"self":[{"href":"https:\/\/acslfm.org\/fr\/wp-json\/wp\/v2\/pages\/1888","targetHints":{"allow":["GET"]}}],"collection":[{"href":"https:\/\/acslfm.org\/fr\/wp-json\/wp\/v2\/pages"}],"about":[{"href":"https:\/\/acslfm.org\/fr\/wp-json\/wp\/v2\/types\/page"}],"author":[{"embeddable":true,"href":"https:\/\/acslfm.org\/fr\/wp-json\/wp\/v2\/users\/1582"}],"replies":[{"embeddable":true,"href":"https:\/\/acslfm.org\/fr\/wp-json\/wp\/v2\/comments?post=1888"}],"version-history":[{"count":12,"href":"https:\/\/acslfm.org\/fr\/wp-json\/wp\/v2\/pages\/1888\/revisions"}],"predecessor-version":[{"id":9818,"href":"https:\/\/acslfm.org\/fr\/wp-json\/wp\/v2\/pages\/1888\/revisions\/9818"}],"up":[{"embeddable":true,"href":"https:\/\/acslfm.org\/fr\/wp-json\/wp\/v2\/pages\/1711"}],"wp:attachment":[{"href":"https:\/\/acslfm.org\/fr\/wp-json\/wp\/v2\/media?parent=1888"}],"curies":[{"name":"wp","href":"https:\/\/api.w.org\/{rel}","templated":true}]}}